{"version":"1.0","provider_name":"14th S\u00e3o Paulo International Architecture Biennale","provider_url":"https:\/\/bienaldearquitetura.org.br\/en","author_name":"contato@webinhood.com.br","author_url":"https:\/\/bienaldearquitetura.org.br\/en\/author\/contatowebinhood-com-br\/","title":"Climate Forum - 14\u1d43 Bienal Internacional de Arquitetura de S\u00e3o Paulo","type":"rich","width":600,"height":338,"html":"<blockquote class=\"wp-embedded-content\" data-secret=\"WgIqnCd5sv\"><a href=\"https:\/\/bienaldearquitetura.org.br\/en\/programacao\/climate-forum\/\">Climate Forum<\/a><\/blockquote><iframe sandbox=\"allow-scripts\" security=\"restricted\" src=\"https:\/\/bienaldearquitetura.org.br\/en\/programacao\/climate-forum\/embed\/#?secret=WgIqnCd5sv\" width=\"600\" height=\"338\" title=\"\u201cClimate Forum\u201d \u2014 14th S\u00e3o Paulo International Architecture Biennial\" data-secret=\"WgIqnCd5sv\" frameborder=\"0\" marginwidth=\"0\" marginheight=\"0\" scrolling=\"no\" class=\"wp-embedded-content\"><\/iframe><script>\n\/*! This file is auto-generated *\/\n!function(d,l){\"use strict\";l.querySelector&&d.addEventListener&&\"undefined\"!=typeof URL&&(d.wp=d.wp||{},d.wp.receiveEmbedMessage||(d.wp.receiveEmbedMessage=function(e){var t=e.data;if((t||t.secret||t.message||t.value)&&!\/[^a-zA-Z0-9]\/.test(t.secret)){for(var s,r,n,a=l.querySelectorAll('iframe[data-secret=\"'+t.secret+'\"]'),o=l.querySelectorAll('blockquote[data-secret=\"'+t.secret+'\"]'),c=new RegExp(\"^https?:$\",\"i\"),i=0;i<o.length;i++)o[i].style.display=\"none\";for(i=0;i<a.length;i++)s=a[i],e.source===s.contentWindow&&(s.removeAttribute(\"style\"),\"height\"===t.message?(1e3<(r=parseInt(t.value,10))?r=1e3:~~r<200&&(r=200),s.height=r):\"link\"===t.message&&(r=new URL(s.getAttribute(\"src\")),n=new URL(t.value),c.test(n.protocol))&&n.host===r.host&&l.activeElement===s&&(d.top.location.href=t.value))}},d.addEventListener(\"message\",d.wp.receiveEmbedMessage,!1),l.addEventListener(\"DOMContentLoaded\",function(){for(var e,t,s=l.querySelectorAll(\"iframe.wp-embedded-content\"),r=0;r<s.length;r++)(t=(e=s[r]).getAttribute(\"data-secret\"))||(t=Math.random().toString(36).substring(2,12),e.src+=\"#?secret=\"+t,e.setAttribute(\"data-secret\",t)),e.contentWindow.postMessage({message:\"ready\",secret:t},\"*\")},!1)))}(window,document);\n\/\/# sourceURL=https:\/\/bienaldearquitetura.org.br\/wp-includes\/js\/wp-embed.min.js\n<\/script>","thumbnail_url":"https:\/\/bienaldearquitetura.org.br\/wp-content\/uploads\/2025\/09\/Climate-Forum_1-Catalina-Mejia-scaled.jpg","thumbnail_width":2560,"thumbnail_height":1810,"description":"Desenvolvimento do projeto: Reino Unido O F\u00f3rum Clim\u00e1tico (Climate Forum) \u00e9 uma plataforma de pesquisa, curr\u00edculo e interc\u00e2mbio que traz o foco urgente da emerg\u00eancia clim\u00e1tica e ecol\u00f3gica para o centro do programa de Pr\u00e1ticas Espaciais da Central Saint Martins College of Art and Design, University of the Arts London. Liderado por Catalina Mej\u00eda Moreno, [&hellip;]"}