{"version":"1.0","provider_name":"14th S\u00e3o Paulo International Architecture Biennale","provider_url":"https:\/\/bienaldearquitetura.org.br\/en","author_name":"contato@webinhood.com.br","author_url":"https:\/\/bienaldearquitetura.org.br\/en\/author\/contatowebinhood-com-br\/","title":"Freie Mitte: open centre\u2013 Multi-purpose edge - 14\u1d43 Bienal Internacional de Arquitetura de S\u00e3o Paulo","type":"rich","width":600,"height":338,"html":"<blockquote class=\"wp-embedded-content\" data-secret=\"YiK0eRUgAc\"><a href=\"https:\/\/bienaldearquitetura.org.br\/en\/programacao\/freie-mitte-open-centre-multi-purpose-edge\/\">Freie Mitte: open center\u2013 Multi-purpose edge<\/a><\/blockquote><iframe sandbox=\"allow-scripts\" security=\"restricted\" src=\"https:\/\/bienaldearquitetura.org.br\/en\/programacao\/freie-mitte-open-centre-multi-purpose-edge\/embed\/#?secret=YiK0eRUgAc\" width=\"600\" height=\"338\" title=\"\u201cFree Mitte: open center \u2013 Multi-purpose edge\u201d \u2014 14th S\u00e3o Paulo International Architecture Biennial\" data-secret=\"YiK0eRUgAc\" frameborder=\"0\" marginwidth=\"0\" marginheight=\"0\" scrolling=\"no\" class=\"wp-embedded-content\"><\/iframe><script>\n\/*! This file is auto-generated *\/\n!function(d,l){\"use strict\";l.querySelector&&d.addEventListener&&\"undefined\"!=typeof URL&&(d.wp=d.wp||{},d.wp.receiveEmbedMessage||(d.wp.receiveEmbedMessage=function(e){var t=e.data;if((t||t.secret||t.message||t.value)&&!\/[^a-zA-Z0-9]\/.test(t.secret)){for(var s,r,n,a=l.querySelectorAll('iframe[data-secret=\"'+t.secret+'\"]'),o=l.querySelectorAll('blockquote[data-secret=\"'+t.secret+'\"]'),c=new RegExp(\"^https?:$\",\"i\"),i=0;i<o.length;i++)o[i].style.display=\"none\";for(i=0;i<a.length;i++)s=a[i],e.source===s.contentWindow&&(s.removeAttribute(\"style\"),\"height\"===t.message?(1e3<(r=parseInt(t.value,10))?r=1e3:~~r<200&&(r=200),s.height=r):\"link\"===t.message&&(r=new URL(s.getAttribute(\"src\")),n=new URL(t.value),c.test(n.protocol))&&n.host===r.host&&l.activeElement===s&&(d.top.location.href=t.value))}},d.addEventListener(\"message\",d.wp.receiveEmbedMessage,!1),l.addEventListener(\"DOMContentLoaded\",function(){for(var e,t,s=l.querySelectorAll(\"iframe.wp-embedded-content\"),r=0;r<s.length;r++)(t=(e=s[r]).getAttribute(\"data-secret\"))||(t=Math.random().toString(36).substring(2,12),e.src+=\"#?secret=\"+t,e.setAttribute(\"data-secret\",t)),e.contentWindow.postMessage({message:\"ready\",secret:t},\"*\")},!1)))}(window,document);\n\/\/# sourceURL=https:\/\/bienaldearquitetura.org.br\/wp-includes\/js\/wp-embed.min.js\n<\/script>","thumbnail_url":"https:\/\/bienaldearquitetura.org.br\/wp-content\/uploads\/2025\/08\/FreieMitte_StudioVlayStreeruwitz_01_c_StudioVlayStreeruwitz-Bernd-Vlay.jpg","thumbnail_width":1400,"thumbnail_height":933,"description":"Implanta\u00e7\u00e3o do projeto: \u00c1ustriaDesenvolvimento do projeto: \u00c1ustria \u00bbO ambiente da Freie Mitte, com as rela\u00e7\u00f5es extraordin\u00e1rias entre pessoas, animais e plantas nesta \u00e1rea, assemelhava-se ao que acontece numa floresta, onde o respeito e a liberdade est\u00e3o num equil\u00edbrio delicado, e onde se cumprimentam as pessoas que se cruzam, mesmo sem conhec\u00ea-las.\u00ab 2012-2025Durante os \u00faltimos 20 [&hellip;]"}