{"version":"1.0","provider_name":"14th S\u00e3o Paulo International Architecture Biennale","provider_url":"https:\/\/bienaldearquitetura.org.br\/en","author_name":"Emerson","author_url":"https:\/\/bienaldearquitetura.org.br\/en\/author\/emerson\/","title":"Nhemboaty \u2013 Encontro de Mundos - 14\u1d43 Bienal Internacional de Arquitetura de S\u00e3o Paulo","type":"rich","width":600,"height":338,"html":"<blockquote class=\"wp-embedded-content\" data-secret=\"RVKqpkqhFC\"><a href=\"https:\/\/bienaldearquitetura.org.br\/en\/programacao\/nhemboaty-encontro-de-mundos\/\">Nhemboaty \u2013 Meeting of Worlds<\/a><\/blockquote><iframe sandbox=\"allow-scripts\" security=\"restricted\" src=\"https:\/\/bienaldearquitetura.org.br\/en\/programacao\/nhemboaty-encontro-de-mundos\/embed\/#?secret=RVKqpkqhFC\" width=\"600\" height=\"338\" title=\"\u201cNhemboaty \u2013 Meeting of Worlds\u201d \u2014 14th International Architecture Biennial of S\u00e3o Paulo\" data-secret=\"RVKqpkqhFC\" frameborder=\"0\" marginwidth=\"0\" marginheight=\"0\" scrolling=\"no\" class=\"wp-embedded-content\"><\/iframe><script>\n\/*! This file is auto-generated *\/\n!function(d,l){\"use strict\";l.querySelector&&d.addEventListener&&\"undefined\"!=typeof URL&&(d.wp=d.wp||{},d.wp.receiveEmbedMessage||(d.wp.receiveEmbedMessage=function(e){var t=e.data;if((t||t.secret||t.message||t.value)&&!\/[^a-zA-Z0-9]\/.test(t.secret)){for(var s,r,n,a=l.querySelectorAll('iframe[data-secret=\"'+t.secret+'\"]'),o=l.querySelectorAll('blockquote[data-secret=\"'+t.secret+'\"]'),c=new RegExp(\"^https?:$\",\"i\"),i=0;i<o.length;i++)o[i].style.display=\"none\";for(i=0;i<a.length;i++)s=a[i],e.source===s.contentWindow&&(s.removeAttribute(\"style\"),\"height\"===t.message?(1e3<(r=parseInt(t.value,10))?r=1e3:~~r<200&&(r=200),s.height=r):\"link\"===t.message&&(r=new URL(s.getAttribute(\"src\")),n=new URL(t.value),c.test(n.protocol))&&n.host===r.host&&l.activeElement===s&&(d.top.location.href=t.value))}},d.addEventListener(\"message\",d.wp.receiveEmbedMessage,!1),l.addEventListener(\"DOMContentLoaded\",function(){for(var e,t,s=l.querySelectorAll(\"iframe.wp-embedded-content\"),r=0;r<s.length;r++)(t=(e=s[r]).getAttribute(\"data-secret\"))||(t=Math.random().toString(36).substring(2,12),e.src+=\"#?secret=\"+t,e.setAttribute(\"data-secret\",t)),e.contentWindow.postMessage({message:\"ready\",secret:t},\"*\")},!1)))}(window,document);\n\/\/# sourceURL=https:\/\/bienaldearquitetura.org.br\/wp-includes\/js\/wp-embed.min.js\n<\/script>","thumbnail_url":"https:\/\/bienaldearquitetura.org.br\/wp-content\/uploads\/2025\/09\/PD_01_004-Rafael-Vilela.jpg","thumbnail_width":1400,"thumbnail_height":933,"description":"A comunidade Guarani Mby\u00e1 preserva sua espiritualidade e l\u00edngua na menor terra ind\u00edgena do Brasil, cercada pela megal\u00f3pole de S\u00e3o Paulo. Em 1500, durante a invas\u00e3o portuguesa, os Guarani habitavam vastos territ\u00f3rios desde o litoral brasileiro at\u00e9 o Paraguai. Suas pr\u00f3speras aldeias prosperavam com a agricultura e a pecu\u00e1ria. Ao longo dos s\u00e9culos, eles foram [&hellip;]"}