{"version":"1.0","provider_name":"14th S\u00e3o Paulo International Architecture Biennale","provider_url":"https:\/\/bienaldearquitetura.org.br\/en","author_name":"Emerson","author_url":"https:\/\/bienaldearquitetura.org.br\/en\/author\/emerson\/","title":"T\u00e1 l\u00e1 na rua do Acaia - 14\u1d43 Bienal Internacional de Arquitetura de S\u00e3o Paulo","type":"rich","width":600,"height":338,"html":"<blockquote class=\"wp-embedded-content\" data-secret=\"53vQGuniwy\"><a href=\"https:\/\/bienaldearquitetura.org.br\/en\/programacao\/ta-la-na-rua-do-acaia\/\">It&#039;s there on Acaia Street<\/a><\/blockquote><iframe sandbox=\"allow-scripts\" security=\"restricted\" src=\"https:\/\/bienaldearquitetura.org.br\/en\/programacao\/ta-la-na-rua-do-acaia\/embed\/#?secret=53vQGuniwy\" width=\"600\" height=\"338\" title=\"\u201cIt\u2019s there on Acaia Street\u201d \u2014 14th S\u00e3o Paulo International Architecture Biennial\" data-secret=\"53vQGuniwy\" frameborder=\"0\" marginwidth=\"0\" marginheight=\"0\" scrolling=\"no\" class=\"wp-embedded-content\"><\/iframe><script>\n\/*! This file is auto-generated *\/\n!function(d,l){\"use strict\";l.querySelector&&d.addEventListener&&\"undefined\"!=typeof URL&&(d.wp=d.wp||{},d.wp.receiveEmbedMessage||(d.wp.receiveEmbedMessage=function(e){var t=e.data;if((t||t.secret||t.message||t.value)&&!\/[^a-zA-Z0-9]\/.test(t.secret)){for(var s,r,n,a=l.querySelectorAll('iframe[data-secret=\"'+t.secret+'\"]'),o=l.querySelectorAll('blockquote[data-secret=\"'+t.secret+'\"]'),c=new RegExp(\"^https?:$\",\"i\"),i=0;i<o.length;i++)o[i].style.display=\"none\";for(i=0;i<a.length;i++)s=a[i],e.source===s.contentWindow&&(s.removeAttribute(\"style\"),\"height\"===t.message?(1e3<(r=parseInt(t.value,10))?r=1e3:~~r<200&&(r=200),s.height=r):\"link\"===t.message&&(r=new URL(s.getAttribute(\"src\")),n=new URL(t.value),c.test(n.protocol))&&n.host===r.host&&l.activeElement===s&&(d.top.location.href=t.value))}},d.addEventListener(\"message\",d.wp.receiveEmbedMessage,!1),l.addEventListener(\"DOMContentLoaded\",function(){for(var e,t,s=l.querySelectorAll(\"iframe.wp-embedded-content\"),r=0;r<s.length;r++)(t=(e=s[r]).getAttribute(\"data-secret\"))||(t=Math.random().toString(36).substring(2,12),e.src+=\"#?secret=\"+t,e.setAttribute(\"data-secret\",t)),e.contentWindow.postMessage({message:\"ready\",secret:t},\"*\")},!1)))}(window,document);\n\/\/# sourceURL=https:\/\/bienaldearquitetura.org.br\/wp-includes\/js\/wp-embed.min.js\n<\/script>","thumbnail_url":"https:\/\/bienaldearquitetura.org.br\/wp-content\/uploads\/2025\/09\/TaLaNaRuadoAcaia_ALMAS1-Licia-Soldavini.jpg","thumbnail_width":1400,"thumbnail_height":900,"description":"Ateliescola Acaia \u00e9 um projeto socioeducativo na Vila Leopoldina que oferece a 250 crian\u00e7as e jovens, principalmente das comunidades de baixa renda do entorno da Ceagesp, educa\u00e7\u00e3o gratuita em tempo integral, assist\u00eancia \u00e0 sa\u00fade e forma\u00e7\u00e3o para a cidadania. Os alunos podem frequentar desde a educa\u00e7\u00e3o infantil at\u00e9 o ensino pr\u00e9-t\u00e9cnico, beneficiando-se de um ambiente [&hellip;]"}